{"id":61,"date":"2023-02-05T16:05:08","date_gmt":"2023-02-05T16:05:08","guid":{"rendered":"https:\/\/peter-menzel.tmbe.me\/?page_id=61"},"modified":"2023-02-05T16:15:08","modified_gmt":"2023-02-05T16:15:08","slug":"impressum","status":"publish","type":"page","link":"https:\/\/peter-menzel.tmbe.me\/?page_id=61","title":{"rendered":"Impressum"},"content":{"rendered":"\n<h2 class=\"wp-block-heading\">Impressum<\/h2>\n\n\n\n<p><strong>Rechtsanwaltskanzlei <\/strong><a href=\"http:\/\/www.kanzlei-mfr.de\/webyep-system\/programm\/webyep-logon-de.php\"><\/a><strong><br>Peter L. Menzel<\/strong><\/p>\n\n\n\n<p><strong>38640 Goslar<\/strong><\/p>\n\n\n\n<p><strong>Telefon: +49 (5321) 68 58 67<\/strong><strong><br>Telefax: +49 (5321) 68 58 57<\/strong><\/p>\n\n\n\n<p>E-Mail:Rechtsanwalt-Menzel@t-online.de<\/p>\n\n\n\n<p><strong>Berufsbezeichnung<\/strong><\/p>\n\n\n\n<p>Rechtsanwalt<\/p>\n\n\n\n<p>Die Berufsbezeichnung&nbsp; &#8222;Rechtsanwalt&#8220; wurde aufgrund bundesdeutscher Rechtsnormen von der zust\u00e4ndigen Rechtsanwaltskammer, auf die die Justiz- bzw. &#8211; Innenministerien die Befugnisse nach BRAO delegiert haben, nach bestandener 2.&nbsp; juristischer Staatspr\u00fcfung und einem besonderen Zulassungsverfahren zuerkannt.<\/p>\n\n\n\n<p>Die berufsrechtlichen Regelungen f\u00fcr Rechtsanw\u00e4lte k\u00f6nnen Sie auf der Web-Site der Bundesrechtsanwaltskammer<\/p>\n\n\n\n<p><a href=\"http:\/\/www.brak.de\/\">www.brak.de<\/a><\/p>\n\n\n\n<p>abrufen:<\/p>\n\n\n\n<p>&nbsp;&nbsp;&nbsp;&nbsp;&nbsp; &#8211; Bundesrechtsanwaltsordnung (BRAO)<br>&nbsp;&nbsp;&nbsp;&nbsp; &#8211; Bundesgeb\u00fchrenordnung f\u00fcr Rechtsanw\u00e4lte (BRAGO)<br>&nbsp;&nbsp;&nbsp;&nbsp; &#8211; Rechtsanwaltsverg\u00fctungsgesetz (RVG)<br>&nbsp;&nbsp;&nbsp;&nbsp; &#8211; Berufsordnung f\u00fcr Rechtsanw\u00e4lte (BORA)<br>&nbsp;&nbsp;&nbsp;&nbsp; &#8211; Standesregelung der Rechtsanw\u00e4lte in der EG (CCBE)<br>&nbsp;&nbsp;&nbsp;&nbsp; &#8211; Fachanwaltsordung (FAO)<\/p>\n\n\n\n<p>Zust\u00e4ndige Zulassungs- und Aufsichtsbeh\u00f6rde<\/p>\n\n\n\n<p>Rechtsanwaltskammer Braunschweig<br>Bruchtorwall 12<br>38100 Braunschweig<br><a target=\"_blank\" href=\"http:\/\/www.rak-braunschweig.de\/\" rel=\"noreferrer noopener\">www.rak-braunschweig.de<\/a><\/p>\n\n\n\n<p>&nbsp;Hinweis:<\/p>\n\n\n\n<p>Die Regelungen k\u00f6nnen bei der Bundesrechtsanwaltskammer unter <a target=\"_blank\" href=\"http:\/\/www.brak.de\/\" rel=\"noreferrer noopener\">www.brak.de<\/a> eingesehen werden.<\/p>\n\n\n\n<p><strong><u>Verschwiegenheitsverpflichtung<\/u><\/strong><\/p>\n\n\n\n<p>Als Anw\u00e4lte sind wir <strong>unabh\u00e4ngige Organe der Rechtspfleg<\/strong>e. Wir unterliegen nach der Bundesrechtsanwalts-ordnung (BRAO) einer anwaltlichen Schweigepflicht. S\u00e4mtliche Anfragen werden daher selbstverst\u00e4ndlich streng vertraulich behandelt.<\/p>\n\n\n\n<p>Personenbezogene Daten, die Sie uns mitteilen (z. B. Name, Anschrift, eMail-Adresse o.\u00e4.) werden ausschlie\u00dflich zur Korrespondenz mit Ihnen oder f\u00fcr den Zweck verarbeitet, zu dem Sie uns die Daten zur Verf\u00fcgung gestellt haben.<\/p>\n\n\n\n<p><strong><u>Ausschluss der Haftung<\/u><\/strong><\/p>\n\n\n\n<p>Durch die Bereitstellung der Informationen auf dieser HomePage entsteht kein Mandatsverh\u00e4ltnis mit dem Nutzer.<\/p>\n\n\n\n<p>Wir stellen auf unseren Seiten juristische Informationen zur Verf\u00fcgung und haben diese sorgf\u00e4ltig gepr\u00fcft und ausgew\u00e4hlt. Wir \u00fcbernehmen keinerlei Gew\u00e4hr f\u00fcr die Aktualit\u00e4t, Korrektheit, Vollst\u00e4ndigkeit oder Qualit\u00e4t der bereitgestellten Informationen.<\/p>\n\n\n\n<p>Haftungsanspr\u00fcche gegen die Rechtsanwaltskanzlei, die sich auf Sch\u00e4den materieller oder ideeller Art beziehen, welche durch die Nutzung oder Nichtnutzung der dargebotenen Informationen bzw. durch Nutzung fehlerhafter oder unvollst\u00e4ndiger Informationen verursacht wurden, sind grunds\u00e4tzlich ausgeschlossen, sofern seitens der Rechtsanwaltskanzlei Menzel kein nachweislich vors\u00e4tzliches oder grob fahrl\u00e4ssiges Verschulden vorliegt.<\/p>\n\n\n\n<p>Der Haftungsausschluss gilt insbesondere f\u00fcr die aufgef\u00fchrten Links, f\u00fcr deren Inhalte ich keine Verantwortung \u00fcbernehmen k\u00f6nnen.<\/p>\n\n\n\n<p>Die Rechtsanwaltskanzlei&nbsp; beh\u00e4lt sich ausdr\u00fccklich vor, Teile der Seiten oder das gesamte Angebot ohne gesonderte Ank\u00fcndigung zu ver\u00e4ndern, zu erg\u00e4nzen, zu l\u00f6schen oder die Ver\u00f6ffentlichung zeitweise oder endg\u00fcltig einzustellen.<\/p>\n\n\n\n<p><strong><u>Urheberrecht<\/u><\/strong><\/p>\n\n\n\n<p>Alle Bilder, Grafiken und Inhalte unterliegen ebenso wie das Layout der gesamten Website dem Urheberrecht. Alle Rechte bleiben vorbehalten.<\/p>\n\n\n\n<p>Die Inhalte dieser Webseiten sind nur f\u00fcr die pers\u00f6nliche Information bestimmt. Eine weitergehende Verwendung, insbesondere die Ver\u00f6ffentlichung, Vervielf\u00e4ltigung und jede Form gewerblicher Nutzung sowie Weitergabe an Dritte \u2013 auch in Teilen oder in \u00fcberarbeiteter Form \u2013 ist ohne schriftliche Zustimmung der Rechtsanwaltskanzlei untersagt.<\/p>\n\n\n\n<p>Konzeption und Umsetzung siehe oben: Rechtsanwalt Peter L. Menzel<\/p>\n\n\n\n<p><strong>Haftung f\u00fcr Links<\/strong><\/p>\n\n\n\n<p>Mit dem Urteil vom 12. September 1999 &#8211; 312 O 85\/99 \u201eHaftung f\u00fcr Links\u201c hat das Land- gericht Hamburg entschieden, dass man durch die Ausbringung eines Links die Inhalte der gelinkten Seite ggf. mit zu verantworten hat.<br>Dieses kann &#8211; so das LG &#8211; nur dadurch verhindert werden, dass man sich ausdr\u00fccklich von diesen Inhalten distanziert. Hiermit distanziert sich die Rechtsanwaltskanzlei Menzel ausdr\u00fccklich von allen Inhalten verlinkter Seiten oder Grafiken und macht sich diese in keinem Falle zu eigen.<\/p>\n","protected":false},"excerpt":{"rendered":"<p>Impressum Rechtsanwaltskanzlei Peter L. Menzel 38640 Goslar Telefon: +49 (5321) 68 58 67Telefax: +49 (5321) 68 58 57 E-Mail:Rechtsanwalt-Menzel@t-online.de Berufsbezeichnung Rechtsanwalt Die Berufsbezeichnung&nbsp; &#8222;Rechtsanwalt&#8220; wurde aufgrund bundesdeutscher Rechtsnormen von der zust\u00e4ndigen Rechtsanwaltskammer, auf die die Justiz- bzw. &#8211; Innenministerien die<\/p>\n","protected":false},"author":1,"featured_media":0,"parent":0,"menu_order":0,"comment_status":"closed","ping_status":"closed","template":"","meta":{"footnotes":""},"class_list":["post-61","page","type-page","status-publish","hentry"],"_links":{"self":[{"href":"https:\/\/peter-menzel.tmbe.me\/index.php?rest_route=\/wp\/v2\/pages\/61","targetHints":{"allow":["GET"]}}],"collection":[{"href":"https:\/\/peter-menzel.tmbe.me\/index.php?rest_route=\/wp\/v2\/pages"}],"about":[{"href":"https:\/\/peter-menzel.tmbe.me\/index.php?rest_route=\/wp\/v2\/types\/page"}],"author":[{"embeddable":true,"href":"https:\/\/peter-menzel.tmbe.me\/index.php?rest_route=\/wp\/v2\/users\/1"}],"replies":[{"embeddable":true,"href":"https:\/\/peter-menzel.tmbe.me\/index.php?rest_route=%2Fwp%2Fv2%2Fcomments&post=61"}],"version-history":[{"count":2,"href":"https:\/\/peter-menzel.tmbe.me\/index.php?rest_route=\/wp\/v2\/pages\/61\/revisions"}],"predecessor-version":[{"id":73,"href":"https:\/\/peter-menzel.tmbe.me\/index.php?rest_route=\/wp\/v2\/pages\/61\/revisions\/73"}],"wp:attachment":[{"href":"https:\/\/peter-menzel.tmbe.me\/index.php?rest_route=%2Fwp%2Fv2%2Fmedia&parent=61"}],"curies":[{"name":"wp","href":"https:\/\/api.w.org\/{rel}","templated":true}]}}